{"id":11330,"date":"2023-10-11T15:19:14","date_gmt":"2023-10-11T18:19:14","guid":{"rendered":"https:\/\/best-tourpatagonia.tur.ar\/producto\/trekking-ate-a-geleira-ojo-del-albino\/"},"modified":"2025-06-12T12:16:32","modified_gmt":"2025-06-12T15:16:32","slug":"trekking-ate-a-geleira-ojo-del-albino","status":"publish","type":"product","link":"https:\/\/best-tourpatagonia.tur.ar\/pt-br\/producto\/trekking-ate-a-geleira-ojo-del-albino\/","title":{"rendered":"Trekking at\u00e9 a geleira Ojo del Albino"},"content":{"rendered":"<p class=\"cvGsUA direction-ltr align-justify para-style-body\"><span class=\"OYPEnA text-decoration-none text-strikethrough-none\">Partimos de sua acomoda\u00e7\u00e3o para o leste ao longo da Rota 3. Levamos cerca de 30 minutos no ve\u00edculo at\u00e9 chegarmos ao quil\u00f4metro 20, o ponto onde come\u00e7amos a caminhada. <\/span><\/p>\n<p class=\"cvGsUA direction-ltr align-justify para-style-body\"><span class=\"OYPEnA text-decoration-none text-strikethrough-none\">Atravessaremos turfeiras, riachos, florestas centen\u00e1rias de Lengas e Coihues e teremos a chance de ver condores, raposas e castores.<\/span><\/p>\n<p class=\"cvGsUA direction-ltr align-justify para-style-body\"><span class=\"OYPEnA text-decoration-none text-strikethrough-none\">Quando chegarmos \u00e0 Laguna Esmeralda, faremos uma pausa. Em seguida, continuaremos nosso caminho at\u00e9 a geleira Ojo del Albino. <\/span><\/p>\n<p class=\"cvGsUA direction-ltr align-justify para-style-body\"><span class=\"OYPEnA text-decoration-none text-strikethrough-none\">Na chegada, a geleira nos surpreende com um impressionante espet\u00e1culo de gelo e montanhas.<\/span><\/p>\n<p class=\"cvGsUA direction-ltr align-justify para-style-body\"><span class=\"OYPEnA text-decoration-none text-strikethrough-none\">Colocamos nossos grampos e come\u00e7amos a explorar a geleira.<\/span><\/p>\n<p class=\"cvGsUA direction-ltr align-justify para-style-body\"><span class=\"OYPEnA text-decoration-none text-strikethrough-none\">Chegaremos ao mirante do vale, onde almo\u00e7aremos e apreciaremos as incompar\u00e1veis vistas da altitude.<\/span><\/p>\n<p class=\"cvGsUA direction-ltr align-justify para-style-body\"><span class=\"OYPEnA text-decoration-none text-strikethrough-none\">O retorno \u00e9 feito pelo mesmo caminho at\u00e9 o estacionamento, onde o transporte estar\u00e1 esperando por voc\u00ea.<\/span><\/p>\n","protected":false},"excerpt":{"rendered":"<p class=\"has-drop-cap\">O Ojo del Albino Glacier Trek \u00e9 uma trilha altamente dif\u00edcil, com uma subida aproximada de 700 metros e uma dist\u00e2ncia total de 20 quil\u00f4metros. \u00c9 importante que voc\u00ea esteja em excelentes condi\u00e7\u00f5es f\u00edsicas e tenha as roupas adequadas para fazer essa trilha de forma confort\u00e1vel e segura.  <\/p>\n<p>Essa caminhada est\u00e1 dispon\u00edvel somente de novembro a mar\u00e7o. A trilha come\u00e7a com pouca dificuldade, passando por belas paisagens de floresta e turfa. Depois de chegar \u00e0 Laguna Esmeralda, o n\u00edvel de dificuldade come\u00e7a a aumentar. O caminho se torna \u00edngreme e voc\u00ea fica sem a prote\u00e7\u00e3o da floresta. A rocha solta come\u00e7a a dominar a paisagem.    <\/p>\n<p>No final, o esfor\u00e7o vale a pena. Voc\u00ea ter\u00e1 vistas de tirar o f\u00f4lego da Geleira Ojo del Albino, da Laguna Esmeralda e muito mais. Se as condi\u00e7\u00f5es clim\u00e1ticas e a condi\u00e7\u00e3o f\u00edsica do grupo permitirem, caminharemos sobre o corpo da geleira.  <\/p>\n","protected":false},"featured_media":11367,"template":"","meta":[],"product_brand":[],"product_cat":[103,105],"product_tag":[],"destino":[156],"pais":[164],"class_list":{"0":"post-11330","1":"product","2":"type-product","3":"status-publish","4":"has-post-thumbnail","6":"product_cat-excursiones-pt-br","7":"product_cat-excursoes-terrestres","8":"destino-ushuaia-pt-br","9":"pais-argentina-pt-br","11":"first","12":"instock","13":"virtual","14":"sold-individually","15":"purchasable","16":"product-type-booking"},"booking_location":"","booking_location_type":"","booking_duration":1,"booking_duration_unit":"day","booking_buffer":0,"booking_cost":0,"booking_resources":[],"yoast_head":"<!-- This site is optimized with the Yoast SEO plugin v27.4 - https:\/\/yoast.com\/product\/yoast-seo-wordpress\/ -->\n<title>Trekking at\u00e9 a geleira Ojo del Albino - Best Tour Patagonia<\/title>\n<meta name=\"robots\" content=\"index, follow, max-snippet:-1, max-image-preview:large, max-video-preview:-1\" \/>\n<link rel=\"canonical\" href=\"https:\/\/best-tourpatagonia.tur.ar\/pt-br\/producto\/trekking-ate-a-geleira-ojo-del-albino\/\" \/>\n<meta property=\"og:locale\" content=\"pt_BR\" \/>\n<meta property=\"og:type\" content=\"article\" \/>\n<meta property=\"og:title\" content=\"Trekking at\u00e9 a geleira Ojo del Albino - Best Tour Patagonia\" \/>\n<meta property=\"og:description\" content=\"O Ojo del Albino Glacier Trek \u00e9 uma trilha altamente dif\u00edcil, com uma subida aproximada de 700 metros e uma dist\u00e2ncia total de 20 quil\u00f4metros. \u00c9 importante que voc\u00ea esteja em excelentes condi\u00e7\u00f5es f\u00edsicas e tenha as roupas adequadas para fazer essa trilha de forma confort\u00e1vel e segura.  Essa caminhada est\u00e1 dispon\u00edvel somente de novembro a mar\u00e7o. A trilha come\u00e7a com pouca dificuldade, passando por belas paisagens de floresta e turfa. Depois de chegar \u00e0 Laguna Esmeralda, o n\u00edvel de dificuldade come\u00e7a a aumentar. O caminho se torna \u00edngreme e voc\u00ea fica sem a prote\u00e7\u00e3o da floresta. A rocha solta come\u00e7a a dominar a paisagem.   No final, o esfor\u00e7o vale a pena. Voc\u00ea ter\u00e1 vistas de tirar o f\u00f4lego da Geleira Ojo del Albino, da Laguna Esmeralda e muito mais. Se as condi\u00e7\u00f5es clim\u00e1ticas e a condi\u00e7\u00e3o f\u00edsica do grupo permitirem, caminharemos sobre o corpo da geleira.\" \/>\n<meta property=\"og:url\" content=\"https:\/\/best-tourpatagonia.tur.ar\/pt-br\/producto\/trekking-ate-a-geleira-ojo-del-albino\/\" \/>\n<meta property=\"og:site_name\" content=\"Best Tour Patagonia\" \/>\n<meta property=\"article:modified_time\" content=\"2025-06-12T15:16:32+00:00\" \/>\n<meta property=\"og:image\" content=\"https:\/\/best-tourpatagonia.tur.ar\/wp-content\/uploads\/2023\/10\/WhatsApp-Image-2023-09-05-at-12.03.10.jpeg\" \/>\n\t<meta property=\"og:image:width\" content=\"1280\" \/>\n\t<meta property=\"og:image:height\" content=\"720\" \/>\n\t<meta property=\"og:image:type\" content=\"image\/jpeg\" \/>\n<meta name=\"twitter:card\" content=\"summary_large_image\" \/>\n<meta name=\"twitter:label1\" content=\"Est. tempo de leitura\" \/>\n\t<meta name=\"twitter:data1\" content=\"1 minuto\" \/>\n<script type=\"application\/ld+json\" class=\"yoast-schema-graph\">{\"@context\":\"https:\\\/\\\/schema.org\",\"@graph\":[{\"@type\":\"WebPage\",\"@id\":\"https:\\\/\\\/best-tourpatagonia.tur.ar\\\/pt-br\\\/producto\\\/trekking-ate-a-geleira-ojo-del-albino\\\/\",\"url\":\"https:\\\/\\\/best-tourpatagonia.tur.ar\\\/pt-br\\\/producto\\\/trekking-ate-a-geleira-ojo-del-albino\\\/\",\"name\":\"Trekking at\u00e9 a geleira Ojo del Albino - Best Tour Patagonia\",\"isPartOf\":{\"@id\":\"https:\\\/\\\/best-tourpatagonia.tur.ar\\\/pt-br\\\/#website\"},\"primaryImageOfPage\":{\"@id\":\"https:\\\/\\\/best-tourpatagonia.tur.ar\\\/pt-br\\\/producto\\\/trekking-ate-a-geleira-ojo-del-albino\\\/#primaryimage\"},\"image\":{\"@id\":\"https:\\\/\\\/best-tourpatagonia.tur.ar\\\/pt-br\\\/producto\\\/trekking-ate-a-geleira-ojo-del-albino\\\/#primaryimage\"},\"thumbnailUrl\":\"https:\\\/\\\/best-tourpatagonia.tur.ar\\\/wp-content\\\/uploads\\\/2023\\\/10\\\/WhatsApp-Image-2023-09-05-at-12.03.10.jpeg\",\"datePublished\":\"2023-10-11T18:19:14+00:00\",\"dateModified\":\"2025-06-12T15:16:32+00:00\",\"breadcrumb\":{\"@id\":\"https:\\\/\\\/best-tourpatagonia.tur.ar\\\/pt-br\\\/producto\\\/trekking-ate-a-geleira-ojo-del-albino\\\/#breadcrumb\"},\"inLanguage\":\"pt-BR\",\"potentialAction\":[{\"@type\":\"ReadAction\",\"target\":[\"https:\\\/\\\/best-tourpatagonia.tur.ar\\\/pt-br\\\/producto\\\/trekking-ate-a-geleira-ojo-del-albino\\\/\"]}]},{\"@type\":\"ImageObject\",\"inLanguage\":\"pt-BR\",\"@id\":\"https:\\\/\\\/best-tourpatagonia.tur.ar\\\/pt-br\\\/producto\\\/trekking-ate-a-geleira-ojo-del-albino\\\/#primaryimage\",\"url\":\"https:\\\/\\\/best-tourpatagonia.tur.ar\\\/wp-content\\\/uploads\\\/2023\\\/10\\\/WhatsApp-Image-2023-09-05-at-12.03.10.jpeg\",\"contentUrl\":\"https:\\\/\\\/best-tourpatagonia.tur.ar\\\/wp-content\\\/uploads\\\/2023\\\/10\\\/WhatsApp-Image-2023-09-05-at-12.03.10.jpeg\",\"width\":1280,\"height\":720},{\"@type\":\"BreadcrumbList\",\"@id\":\"https:\\\/\\\/best-tourpatagonia.tur.ar\\\/pt-br\\\/producto\\\/trekking-ate-a-geleira-ojo-del-albino\\\/#breadcrumb\",\"itemListElement\":[{\"@type\":\"ListItem\",\"position\":1,\"name\":\"Portada\",\"item\":\"https:\\\/\\\/best-tourpatagonia.tur.ar\\\/pt-br\\\/aproveite-ushuaia-el-calafate-e-toda-a-patagonia-durante-todo-o-ano\\\/\"},{\"@type\":\"ListItem\",\"position\":2,\"name\":\"Loja\",\"item\":\"https:\\\/\\\/best-tourpatagonia.tur.ar\\\/pt-br\\\/loja\\\/\"},{\"@type\":\"ListItem\",\"position\":3,\"name\":\"Trekking at\u00e9 a geleira Ojo del Albino\"}]},{\"@type\":\"WebSite\",\"@id\":\"https:\\\/\\\/best-tourpatagonia.tur.ar\\\/pt-br\\\/#website\",\"url\":\"https:\\\/\\\/best-tourpatagonia.tur.ar\\\/pt-br\\\/\",\"name\":\"Best Tour Patagonia\",\"description\":\"Paquetes y excursiones en la Patagona Argentina\",\"publisher\":{\"@id\":\"https:\\\/\\\/best-tourpatagonia.tur.ar\\\/pt-br\\\/#organization\"},\"potentialAction\":[{\"@type\":\"SearchAction\",\"target\":{\"@type\":\"EntryPoint\",\"urlTemplate\":\"https:\\\/\\\/best-tourpatagonia.tur.ar\\\/pt-br\\\/?s={search_term_string}\"},\"query-input\":{\"@type\":\"PropertyValueSpecification\",\"valueRequired\":true,\"valueName\":\"search_term_string\"}}],\"inLanguage\":\"pt-BR\"},{\"@type\":\"Organization\",\"@id\":\"https:\\\/\\\/best-tourpatagonia.tur.ar\\\/pt-br\\\/#organization\",\"name\":\"Best Tour Patagonia\",\"url\":\"https:\\\/\\\/best-tourpatagonia.tur.ar\\\/pt-br\\\/\",\"logo\":{\"@type\":\"ImageObject\",\"inLanguage\":\"pt-BR\",\"@id\":\"https:\\\/\\\/best-tourpatagonia.tur.ar\\\/pt-br\\\/#\\\/schema\\\/logo\\\/image\\\/\",\"url\":\"https:\\\/\\\/best-tourpatagonia.tur.ar\\\/wp-content\\\/uploads\\\/2023\\\/05\\\/cropped-corona-1.png\",\"contentUrl\":\"https:\\\/\\\/best-tourpatagonia.tur.ar\\\/wp-content\\\/uploads\\\/2023\\\/05\\\/cropped-corona-1.png\",\"width\":128,\"height\":75,\"caption\":\"Best Tour Patagonia\"},\"image\":{\"@id\":\"https:\\\/\\\/best-tourpatagonia.tur.ar\\\/pt-br\\\/#\\\/schema\\\/logo\\\/image\\\/\"}}]}<\/script>\n<!-- \/ Yoast SEO plugin. -->","yoast_head_json":{"title":"Trekking at\u00e9 a geleira Ojo del Albino - Best Tour Patagonia","robots":{"index":"index","follow":"follow","max-snippet":"max-snippet:-1","max-image-preview":"max-image-preview:large","max-video-preview":"max-video-preview:-1"},"canonical":"https:\/\/best-tourpatagonia.tur.ar\/pt-br\/producto\/trekking-ate-a-geleira-ojo-del-albino\/","og_locale":"pt_BR","og_type":"article","og_title":"Trekking at\u00e9 a geleira Ojo del Albino - Best Tour Patagonia","og_description":"O Ojo del Albino Glacier Trek \u00e9 uma trilha altamente dif\u00edcil, com uma subida aproximada de 700 metros e uma dist\u00e2ncia total de 20 quil\u00f4metros. \u00c9 importante que voc\u00ea esteja em excelentes condi\u00e7\u00f5es f\u00edsicas e tenha as roupas adequadas para fazer essa trilha de forma confort\u00e1vel e segura.  Essa caminhada est\u00e1 dispon\u00edvel somente de novembro a mar\u00e7o. A trilha come\u00e7a com pouca dificuldade, passando por belas paisagens de floresta e turfa. Depois de chegar \u00e0 Laguna Esmeralda, o n\u00edvel de dificuldade come\u00e7a a aumentar. O caminho se torna \u00edngreme e voc\u00ea fica sem a prote\u00e7\u00e3o da floresta. A rocha solta come\u00e7a a dominar a paisagem.   No final, o esfor\u00e7o vale a pena. Voc\u00ea ter\u00e1 vistas de tirar o f\u00f4lego da Geleira Ojo del Albino, da Laguna Esmeralda e muito mais. Se as condi\u00e7\u00f5es clim\u00e1ticas e a condi\u00e7\u00e3o f\u00edsica do grupo permitirem, caminharemos sobre o corpo da geleira.","og_url":"https:\/\/best-tourpatagonia.tur.ar\/pt-br\/producto\/trekking-ate-a-geleira-ojo-del-albino\/","og_site_name":"Best Tour Patagonia","article_modified_time":"2025-06-12T15:16:32+00:00","og_image":[{"width":1280,"height":720,"url":"https:\/\/best-tourpatagonia.tur.ar\/wp-content\/uploads\/2023\/10\/WhatsApp-Image-2023-09-05-at-12.03.10.jpeg","type":"image\/jpeg"}],"twitter_card":"summary_large_image","twitter_misc":{"Est. tempo de leitura":"1 minuto"},"schema":{"@context":"https:\/\/schema.org","@graph":[{"@type":"WebPage","@id":"https:\/\/best-tourpatagonia.tur.ar\/pt-br\/producto\/trekking-ate-a-geleira-ojo-del-albino\/","url":"https:\/\/best-tourpatagonia.tur.ar\/pt-br\/producto\/trekking-ate-a-geleira-ojo-del-albino\/","name":"Trekking at\u00e9 a geleira Ojo del Albino - Best Tour Patagonia","isPartOf":{"@id":"https:\/\/best-tourpatagonia.tur.ar\/pt-br\/#website"},"primaryImageOfPage":{"@id":"https:\/\/best-tourpatagonia.tur.ar\/pt-br\/producto\/trekking-ate-a-geleira-ojo-del-albino\/#primaryimage"},"image":{"@id":"https:\/\/best-tourpatagonia.tur.ar\/pt-br\/producto\/trekking-ate-a-geleira-ojo-del-albino\/#primaryimage"},"thumbnailUrl":"https:\/\/best-tourpatagonia.tur.ar\/wp-content\/uploads\/2023\/10\/WhatsApp-Image-2023-09-05-at-12.03.10.jpeg","datePublished":"2023-10-11T18:19:14+00:00","dateModified":"2025-06-12T15:16:32+00:00","breadcrumb":{"@id":"https:\/\/best-tourpatagonia.tur.ar\/pt-br\/producto\/trekking-ate-a-geleira-ojo-del-albino\/#breadcrumb"},"inLanguage":"pt-BR","potentialAction":[{"@type":"ReadAction","target":["https:\/\/best-tourpatagonia.tur.ar\/pt-br\/producto\/trekking-ate-a-geleira-ojo-del-albino\/"]}]},{"@type":"ImageObject","inLanguage":"pt-BR","@id":"https:\/\/best-tourpatagonia.tur.ar\/pt-br\/producto\/trekking-ate-a-geleira-ojo-del-albino\/#primaryimage","url":"https:\/\/best-tourpatagonia.tur.ar\/wp-content\/uploads\/2023\/10\/WhatsApp-Image-2023-09-05-at-12.03.10.jpeg","contentUrl":"https:\/\/best-tourpatagonia.tur.ar\/wp-content\/uploads\/2023\/10\/WhatsApp-Image-2023-09-05-at-12.03.10.jpeg","width":1280,"height":720},{"@type":"BreadcrumbList","@id":"https:\/\/best-tourpatagonia.tur.ar\/pt-br\/producto\/trekking-ate-a-geleira-ojo-del-albino\/#breadcrumb","itemListElement":[{"@type":"ListItem","position":1,"name":"Portada","item":"https:\/\/best-tourpatagonia.tur.ar\/pt-br\/aproveite-ushuaia-el-calafate-e-toda-a-patagonia-durante-todo-o-ano\/"},{"@type":"ListItem","position":2,"name":"Loja","item":"https:\/\/best-tourpatagonia.tur.ar\/pt-br\/loja\/"},{"@type":"ListItem","position":3,"name":"Trekking at\u00e9 a geleira Ojo del Albino"}]},{"@type":"WebSite","@id":"https:\/\/best-tourpatagonia.tur.ar\/pt-br\/#website","url":"https:\/\/best-tourpatagonia.tur.ar\/pt-br\/","name":"Best Tour Patagonia","description":"Paquetes y excursiones en la Patagona Argentina","publisher":{"@id":"https:\/\/best-tourpatagonia.tur.ar\/pt-br\/#organization"},"potentialAction":[{"@type":"SearchAction","target":{"@type":"EntryPoint","urlTemplate":"https:\/\/best-tourpatagonia.tur.ar\/pt-br\/?s={search_term_string}"},"query-input":{"@type":"PropertyValueSpecification","valueRequired":true,"valueName":"search_term_string"}}],"inLanguage":"pt-BR"},{"@type":"Organization","@id":"https:\/\/best-tourpatagonia.tur.ar\/pt-br\/#organization","name":"Best Tour Patagonia","url":"https:\/\/best-tourpatagonia.tur.ar\/pt-br\/","logo":{"@type":"ImageObject","inLanguage":"pt-BR","@id":"https:\/\/best-tourpatagonia.tur.ar\/pt-br\/#\/schema\/logo\/image\/","url":"https:\/\/best-tourpatagonia.tur.ar\/wp-content\/uploads\/2023\/05\/cropped-corona-1.png","contentUrl":"https:\/\/best-tourpatagonia.tur.ar\/wp-content\/uploads\/2023\/05\/cropped-corona-1.png","width":128,"height":75,"caption":"Best Tour Patagonia"},"image":{"@id":"https:\/\/best-tourpatagonia.tur.ar\/pt-br\/#\/schema\/logo\/image\/"}}]}},"_links":{"self":[{"href":"https:\/\/best-tourpatagonia.tur.ar\/pt-br\/wp-json\/wp\/v2\/product\/11330","targetHints":{"allow":["GET"]}}],"collection":[{"href":"https:\/\/best-tourpatagonia.tur.ar\/pt-br\/wp-json\/wp\/v2\/product"}],"about":[{"href":"https:\/\/best-tourpatagonia.tur.ar\/pt-br\/wp-json\/wp\/v2\/types\/product"}],"wp:featuredmedia":[{"embeddable":true,"href":"https:\/\/best-tourpatagonia.tur.ar\/pt-br\/wp-json\/wp\/v2\/media\/11367"}],"wp:attachment":[{"href":"https:\/\/best-tourpatagonia.tur.ar\/pt-br\/wp-json\/wp\/v2\/media?parent=11330"}],"wp:term":[{"taxonomy":"product_brand","embeddable":true,"href":"https:\/\/best-tourpatagonia.tur.ar\/pt-br\/wp-json\/wp\/v2\/product_brand?post=11330"},{"taxonomy":"product_cat","embeddable":true,"href":"https:\/\/best-tourpatagonia.tur.ar\/pt-br\/wp-json\/wp\/v2\/product_cat?post=11330"},{"taxonomy":"product_tag","embeddable":true,"href":"https:\/\/best-tourpatagonia.tur.ar\/pt-br\/wp-json\/wp\/v2\/product_tag?post=11330"},{"taxonomy":"destino","embeddable":true,"href":"https:\/\/best-tourpatagonia.tur.ar\/pt-br\/wp-json\/wp\/v2\/destino?post=11330"},{"taxonomy":"pais","embeddable":true,"href":"https:\/\/best-tourpatagonia.tur.ar\/pt-br\/wp-json\/wp\/v2\/pais?post=11330"}],"curies":[{"name":"wp","href":"https:\/\/api.w.org\/{rel}","templated":true}]}}